{"id":3782,"date":"2021-07-06T16:31:38","date_gmt":"2021-07-06T16:31:38","guid":{"rendered":"https:\/\/munisanlo.gob.ar\/turismo\/?page_id=3782"},"modified":"2023-08-16T18:22:03","modified_gmt":"2023-08-16T21:22:03","slug":"biodiversidad","status":"publish","type":"page","link":"https:\/\/munisanlo.gob.ar\/turismo\/biodiversidad\/","title":{"rendered":"Biodiversidad"},"content":{"rendered":"<p>[vc_row css=\u00bb.vc_custom_1623700237718{padding-top: 60px !important;padding-bottom: 20px !important;}\u00bb][vc_column]<div class=\"mkdf-section-title-holder   mkdf-st-highlight mkdf-center-align\" style=\"padding: 0 3%;text-align: center\">\n\t<div class=\"mkdf-st-inner\">\n\t\t\t\t\t\t\t<h3 class=\"mkdf-st-title\" >\n                            La biodiversidad, un <span class=\"mkdf-st-highlight-title-holder\" style=\"color: #ecebe1\">\n                                                        <span class=\"mkdf-st-highlight-title\" style=\"color: #59815b\">tesoro<\/span>\n                                                        <span class=\"mkdf-st-highlight\">\n                                                        <svg version=\"1.1\" xmlns=\"http:\/\/www.w3.org\/2000\/svg\" xmlns:xlink=\"http:\/\/www.w3.org\/1999\/xlink\" x=\"0px\" y=\"0px\" viewBox=\"0 0 15.7 30\" style=\"enable-background:new 0 0 15.7 30;\" xml:space=\"preserve\" class=\"mkdf-active-hover-left\"><polygon class=\"st0\" points=\"2.6,1 0.7,3.3 2,5.8 2.3,7.6 2.9,8.7 4.4,10.5 3.9,10.8 4.4,11.9 4.4,12.8 4.1,13.8 3.3,14.7 3.9,15.8 4.4,16.8 4,17.5 3.5,18.1 2.2,20.2 3.4,21.5 4.2,24.1 3.4,25.4 2.5,27.4 2.5,27.8 3.2,28.3 4.1,28.5 4.9,29 14.8,29 14.8,1 \"\/><\/svg>\n                                                        <span class=\"mkdf-active-hover-middle\"><\/span>\n                                                        <svg version=\"1.1\" xmlns=\"http:\/\/www.w3.org\/2000\/svg\" xmlns:xlink=\"http:\/\/www.w3.org\/1999\/xlink\" x=\"0px\" y=\"0px\" viewBox=\"0 0 13.3 30\" style=\"enable-background:new 0 0 13.3 30;\" xml:space=\"preserve\" class=\"mkdf-active-hover-right\"><polygon class=\"st0\" points=\"10,1 10.2,2.1 10.6,2.9 10.6,3.3 10.8,3.7 10.8,4.3 11,5 11,5.7 11,6.3 10.5,6.7 10.8,7.3 11,7.8 \t11.6,8.3 11.6,8.6 11.5,8.9 11.6,9.9 11.6,10.5 12.4,11.6 12.1,12 12.4,12.2 11.8,12.8 11.4,13.5 11.6,13.7 11.9,13.7 12,13.9 11.5,15.1 10.8,16 9.1,17.7 9.7,18.2 9.3,19 9.7,19.8 9.6,20.6 9.7,21.5 9.6,21.9 9.6,22.3 10.1,22.8 9.6,23.6 9.7,24 9.7,24.2 9.9,24.4 9.5,24.7 9.3,25.4 9.3,25.9 8.8,26.2 8.5,27.1 8.8,27.8 9.4,28.6 7.8,29 0.9,29 0.9,1 \"\/><\/svg>\n                                                        <\/span>\n                                                    <\/span>            \t\t\t<\/h3>\n\t\t\t\t\t\t\t<p class=\"mkdf-st-text \" >\n            \t            En las yungas de San Lorenzo coexisten m\u00e1s de 40 especies de \u00e1rboles, m\u00e1s de 30 especies de mam\u00edferos y 230 especies de aves.            \t\t\t<\/p>\n\t\t\t\t\t<\/div>\n<\/div>[\/vc_column][\/vc_row][vc_row row_content_width=\u00bbgrid\u00bb css=\u00bb.vc_custom_1623700532542{padding-top: 80px !important;}\u00bb][vc_column]<div class=\"mkdf-elements-holder   mkdf-two-columns  mkdf-responsive-mode-1024 \" ><div class=\"mkdf-eh-item    \"  data-item-class=\"mkdf-eh-custom-6192\" data-1400-1600=\"0 40px 0 0\" data-1025-1399=\"0 40px 0 0\" data-769-1024=\"0 17% 0 0\" data-681-768=\"0 32% 0 0\">\n\t<div class=\"mkdf-eh-item-inner\">\n\t\t<div class=\"mkdf-eh-item-content mkdf-eh-custom-6192\" style=\"padding: 0 70px 0 0\">\n\t\t\t<div class=\"mkdf-section-title-holder  \" style=\"text-align: left\">\n\t<div class=\"mkdf-st-inner\">\n\t\t\t\t\t\t\t<h3 class=\"mkdf-st-title\" >\n                            Plantas &amp; \u00e1rboles            \t\t\t<\/h3>\n\t\t\t\t\t\t\t<\/div>\n<\/div>[vc_column_text css=\u00bb.vc_custom_1625589236471{padding-bottom: 10px !important;}\u00bb]Entre las plantas de la zona pueden encontrarse diferentes especies forestales como la Tipa Blanca (Tipuana tipu), el Cebil Colorado (Anadenanthera colubrina), el Lapacho Rosado (Handroanthus impetiginosus), el Nogal Criollo (Juglans australis), el Pacar\u00e1 (Enterolobium contortisiliquum), el Tarco (Jacaranda mimosifolia), el Cedro Rosado (Cedrela lilloi) y el Horco Cebil (Parapiptadenia excelsa), muchas de las cuales est\u00e1n inclu\u00eddas en el LIBRO ROJO de especies amenazadas de la Uni\u00f3n Internacional para la Conservaci\u00f3n de la Naturaleza.[\/vc_column_text]\t\t<\/div>\n\t<\/div>\n<\/div><div class=\"mkdf-eh-item    \"  data-item-class=\"mkdf-eh-custom-3512\" data-1400-1600=\"0 0 0 0\" data-1025-1399=\"0 0 0 0\" data-769-1024=\"68px 0 0 0\" data-681-768=\"68px 0 0 0\" data-680=\"68px 0 0 0\">\n\t<div class=\"mkdf-eh-item-inner\">\n\t\t<div class=\"mkdf-eh-item-content mkdf-eh-custom-3512\" style=\"padding: 0 0 0 0\">\n\t\t\t<div class=\"mkdf-single-image-holder   \">\n    <div class=\"mkdf-si-inner\" >\n                                    <img fetchpriority=\"high\" decoding=\"async\" width=\"650\" height=\"375\" src=\"https:\/\/munisanlo.gob.ar\/turismo\/wp-content\/uploads\/2021\/07\/arboles.png\" class=\"attachment-full size-full\" alt=\"\" srcset=\"https:\/\/munisanlo.gob.ar\/turismo\/wp-content\/uploads\/2021\/07\/arboles.png 650w, https:\/\/munisanlo.gob.ar\/turismo\/wp-content\/uploads\/2021\/07\/arboles-300x173.png 300w, https:\/\/munisanlo.gob.ar\/turismo\/wp-content\/uploads\/2021\/07\/arboles-87x50.png 87w, https:\/\/munisanlo.gob.ar\/turismo\/wp-content\/uploads\/2021\/07\/arboles-600x346.png 600w\" sizes=\"(max-width: 650px) 100vw, 650px\" \/>                        <\/div>\n<\/div>\t\t<\/div>\n\t<\/div>\n<\/div><\/div>[\/vc_column][\/vc_row][vc_row row_content_width=\u00bbgrid\u00bb css=\u00bb.vc_custom_1623700532542{padding-top: 80px !important;}\u00bb][vc_column]<div class=\"mkdf-elements-holder   mkdf-two-columns  mkdf-responsive-mode-1024 \" ><div class=\"mkdf-eh-item    \"  data-item-class=\"mkdf-eh-custom-1032\" data-1400-1600=\"0 40px 0 0\" data-1025-1399=\"0 40px 0 0\" data-769-1024=\"0 17% 0 0\" data-681-768=\"0 32% 0 0\">\n\t<div class=\"mkdf-eh-item-inner\">\n\t\t<div class=\"mkdf-eh-item-content mkdf-eh-custom-1032\" style=\"padding: 0 70px 0 0\">\n\t\t\t<div class=\"mkdf-section-title-holder  \" style=\"text-align: left\">\n\t<div class=\"mkdf-st-inner\">\n\t\t\t\t\t\t\t<h3 class=\"mkdf-st-title\" >\n                            El Tomate \u00e1rbol de las Yungas            \t\t\t<\/h3>\n\t\t\t\t\t\t\t<\/div>\n<\/div>[vc_column_text css=\u00bb.vc_custom_1625589703688{padding-bottom: 10px !important;}\u00bb]El Tomate \u00e1rbol (Solanum betaceum Cav.) de las Yungas, es una especie nativa del NOA.<\/p>\n<p>Conocido tambi\u00e9n como chilto, tomate \u00e1rbol, tomate del cerro, tomate de las yungas, tomate andino y tamarillo.<\/p>\n<p>Es un arbusto de tronco corto y fr\u00e1gil. Posee le\u00f1o blando y quebradizo. Vive aproximadamente 10 a\u00f1os. Su altura es de 2 a 4 metros.<\/p>\n<p>Las flores son racimos-blanco rosado, y la forma de 10 a 50 flores. Producen 1 a 6 frutos por racimo. Las flores son fragantes y atraen a los insectos.<\/p>\n<p>El fruto es una baya elipsoidal de 4 a 10 cm x 3 a 5 cm, que tiene un largo ap\u00e9ndice en el que perdura el c\u00e1liz de la flor. En la madurez, el fruto es rojo o naranja en ocasiones un morado intenso, con estr\u00edas de color m\u00e1s claro. La pulpa es jugosa, un poco \u00e1cida, con numerosas semillas.<\/p>\n<p>Las hojas son grandes ( 40 cm. largo y hasta 25 cm. ancho) , simples y perennes.<\/p>\n<p>El tomate \u00e1rbol produce muchos frutos de gran tama\u00f1o (85-100 gramos cada uno). Una planta llega a dar aproximadamente entre 8 y 10 kg.<\/p>\n<p>Es una especie multiprop\u00f3sito, dado que reviste inter\u00e9s alimentario, ornamental y ecol\u00f3gico.[\/vc_column_text]<div class=\"mkdf-accordion-holder mkdf-ac-default  mkdf-toggle mkdf-ac-boxed  clearfix\">\n\t<p class=\"mkdf-accordion-title\">\n    <span class=\"mkdf-accordion-mark\">\n\t\t<span class=\"mkdf_icon_plus icon_plus\"><\/span>\n\t\t<span class=\"mkdf_icon_minus icon_minus-06\"><\/span>\n\t<\/span>\n\t<span class=\"mkdf-tab-title\">Algunos de sus beneficios<\/span>\n<\/p>\n<div class=\"mkdf-accordion-content\">\n\t<div class=\"mkdf-accordion-content-inner\">\n\t\t[vc_column_text]- funci\u00f3n ambiental y social: es propio del Bosque de Niebla. Regula la temperatura por su abundante follaje y hojas grandes.<\/p>\n<p>&#8211; Proporciona alimento altamente nutritivo. Riqueza en vitamina A,B,C y E y posee propiedades antioxidantes.<\/p>\n<p>&#8211; Usos culinarios: jugos, salsas, chutney y mermeladas.<\/p>\n<p>A su vez, es una especie apropiada para enriquecer \u00e1reas degradadas de las Yungas. Se destaca su rol ecol\u00f3gico y valor potencial para el desarrollo de proyectos de restauraci\u00f3n productiva en el NOA, ya que est\u00e1 adaptada al lugar y no requiere cuidados especiales.<\/p>\n<p>El tomate \u00e1rbol asiste a la recuperaci\u00f3n de ecosistemas da\u00f1ados, ayudando a la conservaci\u00f3n y reposici\u00f3n del capital natural .<\/p>\n<p>Restaurar significa recomponer y reparar. La restauraci\u00f3n ecol\u00f3gica busca la recuperaci\u00f3n de un ecosistema que ha sido degradado por diferentes factores.[\/vc_column_text]\t<\/div>\n<\/div><\/div>\t\t<\/div>\n\t<\/div>\n<\/div><div class=\"mkdf-eh-item    \"  data-item-class=\"mkdf-eh-custom-8839\" data-1400-1600=\"0 0 0 0\" data-1025-1399=\"0 0 0 0\" data-769-1024=\"68px 0 0 0\" data-681-768=\"68px 0 0 0\" data-680=\"68px 0 0 0\">\n\t<div class=\"mkdf-eh-item-inner\">\n\t\t<div class=\"mkdf-eh-item-content mkdf-eh-custom-8839\" style=\"padding: 0 0 0 0\">\n\t\t\t<div class=\"mkdf-single-image-holder   \">\n    <div class=\"mkdf-si-inner\" >\n                                    <img decoding=\"async\" width=\"650\" height=\"375\" src=\"https:\/\/munisanlo.gob.ar\/turismo\/wp-content\/uploads\/2021\/07\/tomate.png\" class=\"attachment-full size-full\" alt=\"\" srcset=\"https:\/\/munisanlo.gob.ar\/turismo\/wp-content\/uploads\/2021\/07\/tomate.png 650w, https:\/\/munisanlo.gob.ar\/turismo\/wp-content\/uploads\/2021\/07\/tomate-300x173.png 300w, https:\/\/munisanlo.gob.ar\/turismo\/wp-content\/uploads\/2021\/07\/tomate-87x50.png 87w, https:\/\/munisanlo.gob.ar\/turismo\/wp-content\/uploads\/2021\/07\/tomate-600x346.png 600w\" sizes=\"(max-width: 650px) 100vw, 650px\" \/>                        <\/div>\n<\/div>\t\t<\/div>\n\t<\/div>\n<\/div><\/div>[\/vc_column][\/vc_row][vc_row row_content_width=\u00bbgrid\u00bb css=\u00bb.vc_custom_1623700532542{padding-top: 80px !important;}\u00bb][vc_column]<div class=\"mkdf-elements-holder   mkdf-two-columns  mkdf-responsive-mode-1024 \" ><div class=\"mkdf-eh-item    \"  data-item-class=\"mkdf-eh-custom-4432\" data-1400-1600=\"0 40px 0 0\" data-1025-1399=\"0 40px 0 0\" data-769-1024=\"0 17% 0 0\" data-681-768=\"0 32% 0 0\">\n\t<div class=\"mkdf-eh-item-inner\">\n\t\t<div class=\"mkdf-eh-item-content mkdf-eh-custom-4432\" style=\"padding: 0 70px 0 0\">\n\t\t\t<div class=\"mkdf-section-title-holder  \" style=\"text-align: left\">\n\t<div class=\"mkdf-st-inner\">\n\t\t\t\t\t\t\t<h3 class=\"mkdf-st-title\" >\n                            La fauna            \t\t\t<\/h3>\n\t\t\t\t\t\t\t<\/div>\n<\/div>[vc_column_text css=\u00bb.vc_custom_1625597156384{padding-bottom: 10px !important;}\u00bb]La fauna est\u00e1 mayormente representada por la comunidad de aves, entre las cuales podemos citar: la Pava del Monte Com\u00fan (Pen\u00e9lope obscura), la Urraca Com\u00fan (Cyanocorax chrysops), el Carpintero Real Com\u00fan (Colaptes melanolaimus), el Pepitero de Collar (Saltator aurantiirostris), el Naranjero 7 Colores (Thraupis bonariensis), el Picaflor Yungue\u00f1o (Adelomyia melanogenys), el Tuc\u00e1n Grande (Ramphastos toco) y el Yap\u00fa (Psaracolius decumanus), entre otros.<\/p>\n<p>En la quebrada de San Lorenzo viven aproximadamente 230 especies de aves y la Quebrada de San Lorenzo ha sido distinguida como un \u00c1rea de Importancia para la Conservaci\u00f3n de las Aves (AICA).[\/vc_column_text]\t\t<\/div>\n\t<\/div>\n<\/div><div class=\"mkdf-eh-item    \"  data-item-class=\"mkdf-eh-custom-2619\" data-1400-1600=\"0 0 0 0\" data-1025-1399=\"0 0 0 0\" data-769-1024=\"68px 0 0 0\" data-681-768=\"68px 0 0 0\" data-680=\"68px 0 0 0\">\n\t<div class=\"mkdf-eh-item-inner\">\n\t\t<div class=\"mkdf-eh-item-content mkdf-eh-custom-2619\" style=\"padding: 0 0 0 0\">\n\t\t\t<div class=\"mkdf-single-image-holder   \">\n    <div class=\"mkdf-si-inner\" >\n                                    <img decoding=\"async\" width=\"650\" height=\"375\" src=\"https:\/\/munisanlo.gob.ar\/turismo\/wp-content\/uploads\/2021\/07\/fauna.png\" class=\"attachment-full size-full\" alt=\"\" srcset=\"https:\/\/munisanlo.gob.ar\/turismo\/wp-content\/uploads\/2021\/07\/fauna.png 650w, https:\/\/munisanlo.gob.ar\/turismo\/wp-content\/uploads\/2021\/07\/fauna-300x173.png 300w, https:\/\/munisanlo.gob.ar\/turismo\/wp-content\/uploads\/2021\/07\/fauna-87x50.png 87w, https:\/\/munisanlo.gob.ar\/turismo\/wp-content\/uploads\/2021\/07\/fauna-600x346.png 600w\" sizes=\"(max-width: 650px) 100vw, 650px\" \/>                        <\/div>\n<\/div>\t\t<\/div>\n\t<\/div>\n<\/div><\/div>[\/vc_column][\/vc_row][vc_row row_content_width=\u00bbgrid\u00bb css=\u00bb.vc_custom_1571323481341{padding-top: 87px !important;padding-bottom: 100px !important;}\u00bb][vc_column][vc_row_inner css=\u00bb.vc_custom_1570700129600{padding-bottom: 50px !important;}\u00bb][vc_column_inner offset=\u00bbvc_col-lg-offset-3 vc_col-lg-6 vc_col-md-offset-1 vc_col-md-10 vc_col-sm-offset-0&#8243;]<div class=\"mkdf-section-title-holder   mkdf-st-highlight mkdf-center-align\" style=\"text-align: center\">\n\t<div class=\"mkdf-st-inner\">\n\t\t\t\t\t\t\t<h2 class=\"mkdf-st-title\" >\n                            TU PROXIMA AVENTURA <span class=\"mkdf-st-highlight-title-holder\" style=\"color: #ffffff\">\n                                                        <span class=\"mkdf-st-highlight-title\" style=\"color: #59815b\">#ELEGISANLORENZO<\/span>\n                                                        <span class=\"mkdf-st-highlight\">\n                                                        <svg version=\"1.1\" xmlns=\"http:\/\/www.w3.org\/2000\/svg\" xmlns:xlink=\"http:\/\/www.w3.org\/1999\/xlink\" x=\"0px\" y=\"0px\" viewBox=\"0 0 15.7 30\" style=\"enable-background:new 0 0 15.7 30;\" xml:space=\"preserve\" class=\"mkdf-active-hover-left\"><polygon class=\"st0\" points=\"2.6,1 0.7,3.3 2,5.8 2.3,7.6 2.9,8.7 4.4,10.5 3.9,10.8 4.4,11.9 4.4,12.8 4.1,13.8 3.3,14.7 3.9,15.8 4.4,16.8 4,17.5 3.5,18.1 2.2,20.2 3.4,21.5 4.2,24.1 3.4,25.4 2.5,27.4 2.5,27.8 3.2,28.3 4.1,28.5 4.9,29 14.8,29 14.8,1 \"\/><\/svg>\n                                                        <span class=\"mkdf-active-hover-middle\"><\/span>\n                                                        <svg version=\"1.1\" xmlns=\"http:\/\/www.w3.org\/2000\/svg\" xmlns:xlink=\"http:\/\/www.w3.org\/1999\/xlink\" x=\"0px\" y=\"0px\" viewBox=\"0 0 13.3 30\" style=\"enable-background:new 0 0 13.3 30;\" xml:space=\"preserve\" class=\"mkdf-active-hover-right\"><polygon class=\"st0\" points=\"10,1 10.2,2.1 10.6,2.9 10.6,3.3 10.8,3.7 10.8,4.3 11,5 11,5.7 11,6.3 10.5,6.7 10.8,7.3 11,7.8 \t11.6,8.3 11.6,8.6 11.5,8.9 11.6,9.9 11.6,10.5 12.4,11.6 12.1,12 12.4,12.2 11.8,12.8 11.4,13.5 11.6,13.7 11.9,13.7 12,13.9 11.5,15.1 10.8,16 9.1,17.7 9.7,18.2 9.3,19 9.7,19.8 9.6,20.6 9.7,21.5 9.6,21.9 9.6,22.3 10.1,22.8 9.6,23.6 9.7,24 9.7,24.2 9.9,24.4 9.5,24.7 9.3,25.4 9.3,25.9 8.8,26.2 8.5,27.1 8.8,27.8 9.4,28.6 7.8,29 0.9,29 0.9,1 \"\/><\/svg>\n                                                        <\/span>\n                                                    <\/span>            \t\t\t<\/h2>\n\t\t\t\t\t\t\t<\/div>\n<\/div>[\/vc_column_inner][\/vc_row_inner][vc_column_text]\n<div id=\"sb_instagram\"  class=\"sbi sbi_mob_col_1 sbi_tab_col_2 sbi_col_4\" style=\"padding-bottom: 10px; width: 100%;\"\t data-feedid=\"sbi_17841435700750496#4\"  data-res=\"auto\" data-cols=\"4\" data-colsmobile=\"1\" data-colstablet=\"2\" data-num=\"4\" data-nummobile=\"\" data-item-padding=\"5\"\t data-shortcode-atts=\"{&quot;num&quot;:&quot;4&quot;,&quot;cols&quot;:&quot;4&quot;,&quot;showfollow&quot;:&quot;true&quot;,&quot;showheader&quot;:&quot;true&quot;,&quot;cachetime&quot;:720}\"  data-postid=\"3782\" data-locatornonce=\"f4d0e1dbbb\" data-imageaspectratio=\"1:1\" data-sbi-flags=\"favorLocal\">\n\t<div class=\"sb_instagram_header  sbi_no_avatar\"   >\n\t<a class=\"sbi_header_link\" target=\"_blank\"\n\t   rel=\"nofollow noopener\" href=\"https:\/\/www.instagram.com\/visitsanlorenzo\/\" title=\"@visitsanlorenzo\">\n\t\t<div class=\"sbi_header_text sbi_no_bio\">\n\t\t\t<div class=\"sbi_header_img\">\n\t\t\t\t\n\t\t\t\t\t\t\t\t\t<div class=\"sbi_header_hashtag_icon\"  ><svg class=\"sbi_new_logo fa-instagram fa-w-14\" aria-hidden=\"true\" data-fa-processed=\"\" aria-label=\"Instagram\" data-prefix=\"fab\" data-icon=\"instagram\" role=\"img\" viewBox=\"0 0 448 512\">\n                    <path fill=\"currentColor\" d=\"M224.1 141c-63.6 0-114.9 51.3-114.9 114.9s51.3 114.9 114.9 114.9S339 319.5 339 255.9 287.7 141 224.1 141zm0 189.6c-41.1 0-74.7-33.5-74.7-74.7s33.5-74.7 74.7-74.7 74.7 33.5 74.7 74.7-33.6 74.7-74.7 74.7zm146.4-194.3c0 14.9-12 26.8-26.8 26.8-14.9 0-26.8-12-26.8-26.8s12-26.8 26.8-26.8 26.8 12 26.8 26.8zm76.1 27.2c-1.7-35.9-9.9-67.7-36.2-93.9-26.2-26.2-58-34.4-93.9-36.2-37-2.1-147.9-2.1-184.9 0-35.8 1.7-67.6 9.9-93.9 36.1s-34.4 58-36.2 93.9c-2.1 37-2.1 147.9 0 184.9 1.7 35.9 9.9 67.7 36.2 93.9s58 34.4 93.9 36.2c37 2.1 147.9 2.1 184.9 0 35.9-1.7 67.7-9.9 93.9-36.2 26.2-26.2 34.4-58 36.2-93.9 2.1-37 2.1-147.8 0-184.8zM398.8 388c-7.8 19.6-22.9 34.7-42.6 42.6-29.5 11.7-99.5 9-132.1 9s-102.7 2.6-132.1-9c-19.6-7.8-34.7-22.9-42.6-42.6-11.7-29.5-9-99.5-9-132.1s-2.6-102.7 9-132.1c7.8-19.6 22.9-34.7 42.6-42.6 29.5-11.7 99.5-9 132.1-9s102.7-2.6 132.1 9c19.6 7.8 34.7 22.9 42.6 42.6 11.7 29.5 9 99.5 9 132.1s2.7 102.7-9 132.1z\"><\/path>\n                <\/svg><\/div>\n\t\t\t\t\t\t\t<\/div>\n\n\t\t\t<div class=\"sbi_feedtheme_header_text\">\n\t\t\t\t<h3>visitsanlorenzo<\/h3>\n\t\t\t\t\t\t\t<\/div>\n\t\t<\/div>\n\t<\/a>\n<\/div>\n\n\t<div id=\"sbi_images\"  style=\"gap: 10px;\">\n\t\t<div class=\"sbi_item sbi_type_carousel sbi_new sbi_transition\"\n\tid=\"sbi_18122246995392326\" data-date=\"1733262744\">\n\t<div class=\"sbi_photo_wrap\">\n\t\t<a class=\"sbi_photo\" href=\"https:\/\/www.instagram.com\/p\/DDIckKuxwTA\/\" target=\"_blank\" rel=\"noopener nofollow\"\n\t\t\tdata-full-res=\"https:\/\/scontent.cdninstagram.com\/v\/t51.29350-15\/469082894_1263656038278350_4322595867666957733_n.jpg?_nc_cat=107&#038;ccb=1-7&#038;_nc_sid=18de74&#038;_nc_ohc=mpF6_38PGrEQ7kNvgEJ4cgy&#038;_nc_zt=23&#038;_nc_ht=scontent.cdninstagram.com&#038;edm=ANo9K5cEAAAA&#038;_nc_gid=AcEqoT5CkrVBdMFOjOZH7Y2&#038;oh=00_AYA-Yuxd6XGJWVDMtZyd0Nlj8ZtyxO9yl8Z7dpg_pEyi3A&#038;oe=675692F9\"\n\t\t\tdata-img-src-set=\"{&quot;d&quot;:&quot;https:\\\/\\\/scontent.cdninstagram.com\\\/v\\\/t51.29350-15\\\/469082894_1263656038278350_4322595867666957733_n.jpg?_nc_cat=107&amp;ccb=1-7&amp;_nc_sid=18de74&amp;_nc_ohc=mpF6_38PGrEQ7kNvgEJ4cgy&amp;_nc_zt=23&amp;_nc_ht=scontent.cdninstagram.com&amp;edm=ANo9K5cEAAAA&amp;_nc_gid=AcEqoT5CkrVBdMFOjOZH7Y2&amp;oh=00_AYA-Yuxd6XGJWVDMtZyd0Nlj8ZtyxO9yl8Z7dpg_pEyi3A&amp;oe=675692F9&quot;,&quot;150&quot;:&quot;https:\\\/\\\/scontent.cdninstagram.com\\\/v\\\/t51.29350-15\\\/469082894_1263656038278350_4322595867666957733_n.jpg?_nc_cat=107&amp;ccb=1-7&amp;_nc_sid=18de74&amp;_nc_ohc=mpF6_38PGrEQ7kNvgEJ4cgy&amp;_nc_zt=23&amp;_nc_ht=scontent.cdninstagram.com&amp;edm=ANo9K5cEAAAA&amp;_nc_gid=AcEqoT5CkrVBdMFOjOZH7Y2&amp;oh=00_AYA-Yuxd6XGJWVDMtZyd0Nlj8ZtyxO9yl8Z7dpg_pEyi3A&amp;oe=675692F9&quot;,&quot;320&quot;:&quot;https:\\\/\\\/scontent.cdninstagram.com\\\/v\\\/t51.29350-15\\\/469082894_1263656038278350_4322595867666957733_n.jpg?_nc_cat=107&amp;ccb=1-7&amp;_nc_sid=18de74&amp;_nc_ohc=mpF6_38PGrEQ7kNvgEJ4cgy&amp;_nc_zt=23&amp;_nc_ht=scontent.cdninstagram.com&amp;edm=ANo9K5cEAAAA&amp;_nc_gid=AcEqoT5CkrVBdMFOjOZH7Y2&amp;oh=00_AYA-Yuxd6XGJWVDMtZyd0Nlj8ZtyxO9yl8Z7dpg_pEyi3A&amp;oe=675692F9&quot;,&quot;640&quot;:&quot;https:\\\/\\\/scontent.cdninstagram.com\\\/v\\\/t51.29350-15\\\/469082894_1263656038278350_4322595867666957733_n.jpg?_nc_cat=107&amp;ccb=1-7&amp;_nc_sid=18de74&amp;_nc_ohc=mpF6_38PGrEQ7kNvgEJ4cgy&amp;_nc_zt=23&amp;_nc_ht=scontent.cdninstagram.com&amp;edm=ANo9K5cEAAAA&amp;_nc_gid=AcEqoT5CkrVBdMFOjOZH7Y2&amp;oh=00_AYA-Yuxd6XGJWVDMtZyd0Nlj8ZtyxO9yl8Z7dpg_pEyi3A&amp;oe=675692F9&quot;}\">\n\t\t\t<span class=\"sbi-screenreader\">\u2728 Finaliz\u00f3 la\u00a03\u00b0 edici\u00f3n del Concurso Departamenta<\/span>\n\t\t\t<svg class=\"svg-inline--fa fa-clone fa-w-16 sbi_lightbox_carousel_icon\" aria-hidden=\"true\" aria-label=\"Clone\" data-fa-pro\u0192cessed=\"\" data-prefix=\"far\" data-icon=\"clone\" role=\"img\" xmlns=\"http:\/\/www.w3.org\/2000\/svg\" viewBox=\"0 0 512 512\">\n                    <path fill=\"currentColor\" d=\"M464 0H144c-26.51 0-48 21.49-48 48v48H48c-26.51 0-48 21.49-48 48v320c0 26.51 21.49 48 48 48h320c26.51 0 48-21.49 48-48v-48h48c26.51 0 48-21.49 48-48V48c0-26.51-21.49-48-48-48zM362 464H54a6 6 0 0 1-6-6V150a6 6 0 0 1 6-6h42v224c0 26.51 21.49 48 48 48h224v42a6 6 0 0 1-6 6zm96-96H150a6 6 0 0 1-6-6V54a6 6 0 0 1 6-6h308a6 6 0 0 1 6 6v308a6 6 0 0 1-6 6z\"><\/path>\n                <\/svg>\t\t\t\t\t\t<img decoding=\"async\" src=\"https:\/\/munisanlo.gob.ar\/turismo\/wp-content\/plugins\/instagram-feed\/img\/placeholder.png\" alt=\"\u2728 Finaliz\u00f3 la\u00a03\u00b0 edici\u00f3n del Concurso Departamental de Caballos Peruanos de Paso, realizada en el predio del\u00a0Club Las Costas, ubicado en la Reserva H\u00eddrica de Las Costas.\n\n\ud83d\udc0e En este escenario natural, se presentaron\u00a0111 ejemplares, entre potros, caballos y yeguas, lo que significa un r\u00e9cord de inscripciones para un concurso departamental. Este incremento en la cantidad y calidad de participantes refleja el crecimiento constante de este evento, que cada a\u00f1o atrae m\u00e1s criadores de diferentes provincias.\n\nLa competencia cont\u00f3 con la presencia del destacado juez peruano,\u00a0Luis Pablo V\u00e1zquez, quien evalu\u00f3 a los ejemplares de acuerdo a los m\u00e1s altos est\u00e1ndares de la raza.\n\n#SanLorenzo\" aria-hidden=\"true\">\n\t\t<\/a>\n\t<\/div>\n<\/div><div class=\"sbi_item sbi_type_video sbi_new sbi_transition\"\n\tid=\"sbi_18039388460040880\" data-date=\"1733152930\">\n\t<div class=\"sbi_photo_wrap\">\n\t\t<a class=\"sbi_photo\" href=\"https:\/\/www.instagram.com\/reel\/DDFK-HixELe\/\" target=\"_blank\" rel=\"noopener nofollow\"\n\t\t\tdata-full-res=\"https:\/\/scontent.cdninstagram.com\/v\/t51.75761-15\/469091099_18042262343190026_7064645201191526540_n.jpg?_nc_cat=108&#038;ccb=1-7&#038;_nc_sid=18de74&#038;_nc_ohc=YCilkdeXq48Q7kNvgG-tly7&#038;_nc_zt=23&#038;_nc_ht=scontent.cdninstagram.com&#038;edm=ANo9K5cEAAAA&#038;_nc_gid=AcEqoT5CkrVBdMFOjOZH7Y2&#038;oh=00_AYC5sMDHPPvYftyV9YdIZaMH52gAklpZ5EKZOUeWCaw_3g&#038;oe=67569CA6\"\n\t\t\tdata-img-src-set=\"{&quot;d&quot;:&quot;https:\\\/\\\/scontent.cdninstagram.com\\\/v\\\/t51.75761-15\\\/469091099_18042262343190026_7064645201191526540_n.jpg?_nc_cat=108&amp;ccb=1-7&amp;_nc_sid=18de74&amp;_nc_ohc=YCilkdeXq48Q7kNvgG-tly7&amp;_nc_zt=23&amp;_nc_ht=scontent.cdninstagram.com&amp;edm=ANo9K5cEAAAA&amp;_nc_gid=AcEqoT5CkrVBdMFOjOZH7Y2&amp;oh=00_AYC5sMDHPPvYftyV9YdIZaMH52gAklpZ5EKZOUeWCaw_3g&amp;oe=67569CA6&quot;,&quot;150&quot;:&quot;https:\\\/\\\/scontent.cdninstagram.com\\\/v\\\/t51.75761-15\\\/469091099_18042262343190026_7064645201191526540_n.jpg?_nc_cat=108&amp;ccb=1-7&amp;_nc_sid=18de74&amp;_nc_ohc=YCilkdeXq48Q7kNvgG-tly7&amp;_nc_zt=23&amp;_nc_ht=scontent.cdninstagram.com&amp;edm=ANo9K5cEAAAA&amp;_nc_gid=AcEqoT5CkrVBdMFOjOZH7Y2&amp;oh=00_AYC5sMDHPPvYftyV9YdIZaMH52gAklpZ5EKZOUeWCaw_3g&amp;oe=67569CA6&quot;,&quot;320&quot;:&quot;https:\\\/\\\/scontent.cdninstagram.com\\\/v\\\/t51.75761-15\\\/469091099_18042262343190026_7064645201191526540_n.jpg?_nc_cat=108&amp;ccb=1-7&amp;_nc_sid=18de74&amp;_nc_ohc=YCilkdeXq48Q7kNvgG-tly7&amp;_nc_zt=23&amp;_nc_ht=scontent.cdninstagram.com&amp;edm=ANo9K5cEAAAA&amp;_nc_gid=AcEqoT5CkrVBdMFOjOZH7Y2&amp;oh=00_AYC5sMDHPPvYftyV9YdIZaMH52gAklpZ5EKZOUeWCaw_3g&amp;oe=67569CA6&quot;,&quot;640&quot;:&quot;https:\\\/\\\/scontent.cdninstagram.com\\\/v\\\/t51.75761-15\\\/469091099_18042262343190026_7064645201191526540_n.jpg?_nc_cat=108&amp;ccb=1-7&amp;_nc_sid=18de74&amp;_nc_ohc=YCilkdeXq48Q7kNvgG-tly7&amp;_nc_zt=23&amp;_nc_ht=scontent.cdninstagram.com&amp;edm=ANo9K5cEAAAA&amp;_nc_gid=AcEqoT5CkrVBdMFOjOZH7Y2&amp;oh=00_AYC5sMDHPPvYftyV9YdIZaMH52gAklpZ5EKZOUeWCaw_3g&amp;oe=67569CA6&quot;}\">\n\t\t\t<span class=\"sbi-screenreader\">\ud83e\udd0d\u2728\u00a1Aventuras dise\u00f1adas para toda la familia!\n\nSent<\/span>\n\t\t\t\t\t\t<svg style=\"color: rgba(255,255,255,1)\" class=\"svg-inline--fa fa-play fa-w-14 sbi_playbtn\" aria-label=\"Play\" aria-hidden=\"true\" data-fa-processed=\"\" data-prefix=\"fa\" data-icon=\"play\" role=\"presentation\" xmlns=\"http:\/\/www.w3.org\/2000\/svg\" viewBox=\"0 0 448 512\"><path fill=\"currentColor\" d=\"M424.4 214.7L72.4 6.6C43.8-10.3 0 6.1 0 47.9V464c0 37.5 40.7 60.1 72.4 41.3l352-208c31.4-18.5 31.5-64.1 0-82.6z\"><\/path><\/svg>\t\t\t<img decoding=\"async\" src=\"https:\/\/munisanlo.gob.ar\/turismo\/wp-content\/plugins\/instagram-feed\/img\/placeholder.png\" alt=\"\ud83e\udd0d\u2728\u00a1Aventuras dise\u00f1adas para toda la familia!\n\nSent\u00ed la emoci\u00f3n de cabalgar a trav\u00e9s de quebradas y campos abiertos con vistas pan\u00f3ramicas \u00fanicas. \n\nEl acompa\u00f1amiento y gu\u00eda de expertos conocedores del lugar asegurar\u00e1n un paseo de puro placer y disfrute.\n\n\u2714\ufe0f Conoc\u00e9 a los prestadores tur\u00edsticos en nuestra p\u00e1gina web.\n\n#SanLorenzo #UnaExperienciadeVida #Salta #Naturaleza\" aria-hidden=\"true\">\n\t\t<\/a>\n\t<\/div>\n<\/div><div class=\"sbi_item sbi_type_carousel sbi_new sbi_transition\"\n\tid=\"sbi_18058053460879912\" data-date=\"1732913811\">\n\t<div class=\"sbi_photo_wrap\">\n\t\t<a class=\"sbi_photo\" href=\"https:\/\/www.instagram.com\/p\/DC-DByURDgx\/\" target=\"_blank\" rel=\"noopener nofollow\"\n\t\t\tdata-full-res=\"https:\/\/scontent.cdninstagram.com\/v\/t51.29350-15\/468660654_1311541030023863_6758296536606192722_n.jpg?_nc_cat=104&#038;ccb=1-7&#038;_nc_sid=18de74&#038;_nc_ohc=KXzvSJyFyxQQ7kNvgHdDFr1&#038;_nc_zt=23&#038;_nc_ht=scontent.cdninstagram.com&#038;edm=ANo9K5cEAAAA&#038;_nc_gid=AcEqoT5CkrVBdMFOjOZH7Y2&#038;oh=00_AYBuaeJbe4-FQyNhMjsFkn8umk5-ICRpyxutfBoPaL6KZQ&#038;oe=675678F3\"\n\t\t\tdata-img-src-set=\"{&quot;d&quot;:&quot;https:\\\/\\\/scontent.cdninstagram.com\\\/v\\\/t51.29350-15\\\/468660654_1311541030023863_6758296536606192722_n.jpg?_nc_cat=104&amp;ccb=1-7&amp;_nc_sid=18de74&amp;_nc_ohc=KXzvSJyFyxQQ7kNvgHdDFr1&amp;_nc_zt=23&amp;_nc_ht=scontent.cdninstagram.com&amp;edm=ANo9K5cEAAAA&amp;_nc_gid=AcEqoT5CkrVBdMFOjOZH7Y2&amp;oh=00_AYBuaeJbe4-FQyNhMjsFkn8umk5-ICRpyxutfBoPaL6KZQ&amp;oe=675678F3&quot;,&quot;150&quot;:&quot;https:\\\/\\\/scontent.cdninstagram.com\\\/v\\\/t51.29350-15\\\/468660654_1311541030023863_6758296536606192722_n.jpg?_nc_cat=104&amp;ccb=1-7&amp;_nc_sid=18de74&amp;_nc_ohc=KXzvSJyFyxQQ7kNvgHdDFr1&amp;_nc_zt=23&amp;_nc_ht=scontent.cdninstagram.com&amp;edm=ANo9K5cEAAAA&amp;_nc_gid=AcEqoT5CkrVBdMFOjOZH7Y2&amp;oh=00_AYBuaeJbe4-FQyNhMjsFkn8umk5-ICRpyxutfBoPaL6KZQ&amp;oe=675678F3&quot;,&quot;320&quot;:&quot;https:\\\/\\\/scontent.cdninstagram.com\\\/v\\\/t51.29350-15\\\/468660654_1311541030023863_6758296536606192722_n.jpg?_nc_cat=104&amp;ccb=1-7&amp;_nc_sid=18de74&amp;_nc_ohc=KXzvSJyFyxQQ7kNvgHdDFr1&amp;_nc_zt=23&amp;_nc_ht=scontent.cdninstagram.com&amp;edm=ANo9K5cEAAAA&amp;_nc_gid=AcEqoT5CkrVBdMFOjOZH7Y2&amp;oh=00_AYBuaeJbe4-FQyNhMjsFkn8umk5-ICRpyxutfBoPaL6KZQ&amp;oe=675678F3&quot;,&quot;640&quot;:&quot;https:\\\/\\\/scontent.cdninstagram.com\\\/v\\\/t51.29350-15\\\/468660654_1311541030023863_6758296536606192722_n.jpg?_nc_cat=104&amp;ccb=1-7&amp;_nc_sid=18de74&amp;_nc_ohc=KXzvSJyFyxQQ7kNvgHdDFr1&amp;_nc_zt=23&amp;_nc_ht=scontent.cdninstagram.com&amp;edm=ANo9K5cEAAAA&amp;_nc_gid=AcEqoT5CkrVBdMFOjOZH7Y2&amp;oh=00_AYBuaeJbe4-FQyNhMjsFkn8umk5-ICRpyxutfBoPaL6KZQ&amp;oe=675678F3&quot;}\">\n\t\t\t<span class=\"sbi-screenreader\">\ud83d\ude0b \u00a1San Lorenzo es diversidad en sabores! Una varia<\/span>\n\t\t\t<svg class=\"svg-inline--fa fa-clone fa-w-16 sbi_lightbox_carousel_icon\" aria-hidden=\"true\" aria-label=\"Clone\" data-fa-pro\u0192cessed=\"\" data-prefix=\"far\" data-icon=\"clone\" role=\"img\" xmlns=\"http:\/\/www.w3.org\/2000\/svg\" viewBox=\"0 0 512 512\">\n                    <path fill=\"currentColor\" d=\"M464 0H144c-26.51 0-48 21.49-48 48v48H48c-26.51 0-48 21.49-48 48v320c0 26.51 21.49 48 48 48h320c26.51 0 48-21.49 48-48v-48h48c26.51 0 48-21.49 48-48V48c0-26.51-21.49-48-48-48zM362 464H54a6 6 0 0 1-6-6V150a6 6 0 0 1 6-6h42v224c0 26.51 21.49 48 48 48h224v42a6 6 0 0 1-6 6zm96-96H150a6 6 0 0 1-6-6V54a6 6 0 0 1 6-6h308a6 6 0 0 1 6 6v308a6 6 0 0 1-6 6z\"><\/path>\n                <\/svg>\t\t\t\t\t\t<img decoding=\"async\" src=\"https:\/\/munisanlo.gob.ar\/turismo\/wp-content\/plugins\/instagram-feed\/img\/placeholder.png\" alt=\"\ud83d\ude0b \u00a1San Lorenzo es diversidad en sabores! Una variada oferta de restaurantes de distintas cocinas se suman a los elaboradores que mantienen vivos los platos y productos m\u00e1s tradicionales: bollos, tamales, empanadas, humitas y quesillos.\n\n\ud83e\udd24 Parrilladas, restaurantes de cocina gourmet o internacional, comedores regionales, locales gastron\u00f3micos en centros comerciales, food trucks, ferias gastron\u00f3micas, bares y pizzer\u00edas son algunas de las opciones. \n\n\u2757\ufe0fConoc\u00e9 el mapa gastron\u00f3mico en sanlorenzodagusto.com \n\n#SanLorenzo #Salta #sanlorenzodagusto\" aria-hidden=\"true\">\n\t\t<\/a>\n\t<\/div>\n<\/div><div class=\"sbi_item sbi_type_carousel sbi_new sbi_transition\"\n\tid=\"sbi_18072937927626613\" data-date=\"1732744961\">\n\t<div class=\"sbi_photo_wrap\">\n\t\t<a class=\"sbi_photo\" href=\"https:\/\/www.instagram.com\/p\/DC5A-JHxQLi\/\" target=\"_blank\" rel=\"noopener nofollow\"\n\t\t\tdata-full-res=\"https:\/\/scontent.cdninstagram.com\/v\/t51.29350-15\/468567314_2397488677272995_8427501864811731866_n.jpg?_nc_cat=111&#038;ccb=1-7&#038;_nc_sid=18de74&#038;_nc_ohc=o_MLIYiBDkkQ7kNvgFPBzzP&#038;_nc_zt=23&#038;_nc_ht=scontent.cdninstagram.com&#038;edm=ANo9K5cEAAAA&#038;_nc_gid=AcEqoT5CkrVBdMFOjOZH7Y2&#038;oh=00_AYAGypeeunm_QSTJCEvB_pJpGC8zgn3DmdMy-bv4WXyNvA&#038;oe=675698E1\"\n\t\t\tdata-img-src-set=\"{&quot;d&quot;:&quot;https:\\\/\\\/scontent.cdninstagram.com\\\/v\\\/t51.29350-15\\\/468567314_2397488677272995_8427501864811731866_n.jpg?_nc_cat=111&amp;ccb=1-7&amp;_nc_sid=18de74&amp;_nc_ohc=o_MLIYiBDkkQ7kNvgFPBzzP&amp;_nc_zt=23&amp;_nc_ht=scontent.cdninstagram.com&amp;edm=ANo9K5cEAAAA&amp;_nc_gid=AcEqoT5CkrVBdMFOjOZH7Y2&amp;oh=00_AYAGypeeunm_QSTJCEvB_pJpGC8zgn3DmdMy-bv4WXyNvA&amp;oe=675698E1&quot;,&quot;150&quot;:&quot;https:\\\/\\\/scontent.cdninstagram.com\\\/v\\\/t51.29350-15\\\/468567314_2397488677272995_8427501864811731866_n.jpg?_nc_cat=111&amp;ccb=1-7&amp;_nc_sid=18de74&amp;_nc_ohc=o_MLIYiBDkkQ7kNvgFPBzzP&amp;_nc_zt=23&amp;_nc_ht=scontent.cdninstagram.com&amp;edm=ANo9K5cEAAAA&amp;_nc_gid=AcEqoT5CkrVBdMFOjOZH7Y2&amp;oh=00_AYAGypeeunm_QSTJCEvB_pJpGC8zgn3DmdMy-bv4WXyNvA&amp;oe=675698E1&quot;,&quot;320&quot;:&quot;https:\\\/\\\/scontent.cdninstagram.com\\\/v\\\/t51.29350-15\\\/468567314_2397488677272995_8427501864811731866_n.jpg?_nc_cat=111&amp;ccb=1-7&amp;_nc_sid=18de74&amp;_nc_ohc=o_MLIYiBDkkQ7kNvgFPBzzP&amp;_nc_zt=23&amp;_nc_ht=scontent.cdninstagram.com&amp;edm=ANo9K5cEAAAA&amp;_nc_gid=AcEqoT5CkrVBdMFOjOZH7Y2&amp;oh=00_AYAGypeeunm_QSTJCEvB_pJpGC8zgn3DmdMy-bv4WXyNvA&amp;oe=675698E1&quot;,&quot;640&quot;:&quot;https:\\\/\\\/scontent.cdninstagram.com\\\/v\\\/t51.29350-15\\\/468567314_2397488677272995_8427501864811731866_n.jpg?_nc_cat=111&amp;ccb=1-7&amp;_nc_sid=18de74&amp;_nc_ohc=o_MLIYiBDkkQ7kNvgFPBzzP&amp;_nc_zt=23&amp;_nc_ht=scontent.cdninstagram.com&amp;edm=ANo9K5cEAAAA&amp;_nc_gid=AcEqoT5CkrVBdMFOjOZH7Y2&amp;oh=00_AYAGypeeunm_QSTJCEvB_pJpGC8zgn3DmdMy-bv4WXyNvA&amp;oe=675698E1&quot;}\">\n\t\t\t<span class=\"sbi-screenreader\">\ud83c\udf3f\ud83d\ude0d Trekking en\u00a0la naturaleza\u00a0para\u00a0recargar cuerpo <\/span>\n\t\t\t<svg class=\"svg-inline--fa fa-clone fa-w-16 sbi_lightbox_carousel_icon\" aria-hidden=\"true\" aria-label=\"Clone\" data-fa-pro\u0192cessed=\"\" data-prefix=\"far\" data-icon=\"clone\" role=\"img\" xmlns=\"http:\/\/www.w3.org\/2000\/svg\" viewBox=\"0 0 512 512\">\n                    <path fill=\"currentColor\" d=\"M464 0H144c-26.51 0-48 21.49-48 48v48H48c-26.51 0-48 21.49-48 48v320c0 26.51 21.49 48 48 48h320c26.51 0 48-21.49 48-48v-48h48c26.51 0 48-21.49 48-48V48c0-26.51-21.49-48-48-48zM362 464H54a6 6 0 0 1-6-6V150a6 6 0 0 1 6-6h42v224c0 26.51 21.49 48 48 48h224v42a6 6 0 0 1-6 6zm96-96H150a6 6 0 0 1-6-6V54a6 6 0 0 1 6-6h308a6 6 0 0 1 6 6v308a6 6 0 0 1-6 6z\"><\/path>\n                <\/svg>\t\t\t\t\t\t<img decoding=\"async\" src=\"https:\/\/munisanlo.gob.ar\/turismo\/wp-content\/plugins\/instagram-feed\/img\/placeholder.png\" alt=\"\ud83c\udf3f\ud83d\ude0d Trekking en\u00a0la naturaleza\u00a0para\u00a0recargar cuerpo y mente.\u00a0Explor\u00e1 los distintos senderos por las yungas y los cerros que #SanLorenzo tiene para sorprenderte.\n\n\u2714\ufe0f El acompa\u00f1amiento y gu\u00eda de expertos conocedores del lugar asegurar\u00e1n un paseo de puro placer y disfrute. \n\n\u2714\ufe0f Encontr\u00e1 la lista de prestadores tur\u00edsticos de Turismo Activo en nuestra p\u00e1gina web.\" aria-hidden=\"true\">\n\t\t<\/a>\n\t<\/div>\n<\/div>\t<\/div>\n\n\t<div id=\"sbi_load\" >\n\n\t\n\t\t\t<span class=\"sbi_follow_btn\" >\n\t\t\t<a target=\"_blank\"\n\t\t\t\trel=\"nofollow noopener\"  href=\"https:\/\/www.instagram.com\/visitsanlorenzo\/\">\n\t\t\t\t<svg class=\"svg-inline--fa fa-instagram fa-w-14\" aria-hidden=\"true\" data-fa-processed=\"\" aria-label=\"Instagram\" data-prefix=\"fab\" data-icon=\"instagram\" role=\"img\" viewBox=\"0 0 448 512\">\n                    <path fill=\"currentColor\" d=\"M224.1 141c-63.6 0-114.9 51.3-114.9 114.9s51.3 114.9 114.9 114.9S339 319.5 339 255.9 287.7 141 224.1 141zm0 189.6c-41.1 0-74.7-33.5-74.7-74.7s33.5-74.7 74.7-74.7 74.7 33.5 74.7 74.7-33.6 74.7-74.7 74.7zm146.4-194.3c0 14.9-12 26.8-26.8 26.8-14.9 0-26.8-12-26.8-26.8s12-26.8 26.8-26.8 26.8 12 26.8 26.8zm76.1 27.2c-1.7-35.9-9.9-67.7-36.2-93.9-26.2-26.2-58-34.4-93.9-36.2-37-2.1-147.9-2.1-184.9 0-35.8 1.7-67.6 9.9-93.9 36.1s-34.4 58-36.2 93.9c-2.1 37-2.1 147.9 0 184.9 1.7 35.9 9.9 67.7 36.2 93.9s58 34.4 93.9 36.2c37 2.1 147.9 2.1 184.9 0 35.9-1.7 67.7-9.9 93.9-36.2 26.2-26.2 34.4-58 36.2-93.9 2.1-37 2.1-147.8 0-184.8zM398.8 388c-7.8 19.6-22.9 34.7-42.6 42.6-29.5 11.7-99.5 9-132.1 9s-102.7 2.6-132.1-9c-19.6-7.8-34.7-22.9-42.6-42.6-11.7-29.5-9-99.5-9-132.1s-2.6-102.7 9-132.1c7.8-19.6 22.9-34.7 42.6-42.6 29.5-11.7 99.5-9 132.1-9s102.7-2.6 132.1 9c19.6 7.8 34.7 22.9 42.6 42.6 11.7 29.5 9 99.5 9 132.1s2.7 102.7-9 132.1z\"><\/path>\n                <\/svg>\t\t\t\t<span>S\u00edguenos en Instagram<\/span>\n\t\t\t<\/a>\n\t\t<\/span>\n\t\n<\/div>\n\t\t<span class=\"sbi_resized_image_data\" data-feed-id=\"sbi_17841435700750496#4\"\n\t\t  data-resized=\"{&quot;18072937927626613&quot;:{&quot;id&quot;:&quot;468567314_2397488677272995_8427501864811731866_n&quot;,&quot;ratio&quot;:&quot;1.23&quot;,&quot;sizes&quot;:{&quot;full&quot;:640,&quot;low&quot;:320,&quot;thumb&quot;:150},&quot;extension&quot;:&quot;.jpg&quot;},&quot;18058053460879912&quot;:{&quot;id&quot;:&quot;468660654_1311541030023863_6758296536606192722_n&quot;,&quot;ratio&quot;:&quot;1.34&quot;,&quot;sizes&quot;:{&quot;full&quot;:640,&quot;low&quot;:320,&quot;thumb&quot;:150},&quot;extension&quot;:&quot;.jpg&quot;},&quot;18039388460040880&quot;:{&quot;id&quot;:&quot;469091099_18042262343190026_7064645201191526540_n&quot;,&quot;ratio&quot;:&quot;0.56&quot;,&quot;sizes&quot;:{&quot;full&quot;:640,&quot;low&quot;:320,&quot;thumb&quot;:150},&quot;extension&quot;:&quot;.jpg&quot;},&quot;18122246995392326&quot;:{&quot;id&quot;:&quot;469082894_1263656038278350_4322595867666957733_n&quot;,&quot;ratio&quot;:&quot;1.19&quot;,&quot;sizes&quot;:{&quot;full&quot;:640,&quot;low&quot;:320,&quot;thumb&quot;:150},&quot;extension&quot;:&quot;.jpg&quot;}}\">\n\t<\/span>\n\t<\/div>\n\n[\/vc_column_text][\/vc_column][\/vc_row][vc_row][vc_column][vc_column_text][\/vc_column_text][\/vc_column][\/vc_row]<\/p>\n","protected":false},"excerpt":{"rendered":"<p>[vc_row css=\u00bb.vc_custom_1623700237718{padding-top: 60px !important;padding-bottom: 20px !important;}\u00bb][vc_column][\/vc_column][\/vc_row][vc_row row_content_width=\u00bbgrid\u00bb css=\u00bb.vc_custom_1623700532542{padding-top: 80px !important;}\u00bb][vc_column][\/vc_column][\/vc_row][vc_row row_content_width=\u00bbgrid\u00bb css=\u00bb.vc_custom_1623700532542{padding-top: 80px !important;}\u00bb][vc_column][\/vc_column][\/vc_row][vc_row row_content_width=\u00bbgrid\u00bb css=\u00bb.vc_custom_1623700532542{padding-top: 80px !important;}\u00bb][vc_column][\/vc_column][\/vc_row][vc_row row_content_width=\u00bbgrid\u00bb css=\u00bb.vc_custom_1571323481341{padding-top: 87px !important;padding-bottom: 100px !important;}\u00bb][vc_column][vc_row_inner css=\u00bb.vc_custom_1570700129600{padding-bottom: 50px !important;}\u00bb][vc_column_inner offset=\u00bbvc_col-lg-offset-3 vc_col-lg-6 vc_col-md-offset-1 vc_col-md-10 vc_col-sm-offset-0&#8243;][\/vc_column_inner][\/vc_row_inner][vc_column_text][\/vc_column_text][\/vc_column][\/vc_row][vc_row][vc_column][vc_column_text][\/vc_column_text][\/vc_column][\/vc_row]<\/p>\n","protected":false},"author":3,"featured_media":0,"parent":0,"menu_order":0,"comment_status":"closed","ping_status":"closed","template":"full-width.php","meta":{"footnotes":""},"class_list":["post-3782","page","type-page","status-publish","hentry"],"_links":{"self":[{"href":"https:\/\/munisanlo.gob.ar\/turismo\/wp-json\/wp\/v2\/pages\/3782","targetHints":{"allow":["GET"]}}],"collection":[{"href":"https:\/\/munisanlo.gob.ar\/turismo\/wp-json\/wp\/v2\/pages"}],"about":[{"href":"https:\/\/munisanlo.gob.ar\/turismo\/wp-json\/wp\/v2\/types\/page"}],"author":[{"embeddable":true,"href":"https:\/\/munisanlo.gob.ar\/turismo\/wp-json\/wp\/v2\/users\/3"}],"replies":[{"embeddable":true,"href":"https:\/\/munisanlo.gob.ar\/turismo\/wp-json\/wp\/v2\/comments?post=3782"}],"version-history":[{"count":17,"href":"https:\/\/munisanlo.gob.ar\/turismo\/wp-json\/wp\/v2\/pages\/3782\/revisions"}],"predecessor-version":[{"id":4374,"href":"https:\/\/munisanlo.gob.ar\/turismo\/wp-json\/wp\/v2\/pages\/3782\/revisions\/4374"}],"wp:attachment":[{"href":"https:\/\/munisanlo.gob.ar\/turismo\/wp-json\/wp\/v2\/media?parent=3782"}],"curies":[{"name":"wp","href":"https:\/\/api.w.org\/{rel}","templated":true}]}}